{"id":17,"date":"2023-03-17T14:15:42","date_gmt":"2023-03-17T13:15:42","guid":{"rendered":"https:\/\/www.la12-14.com\/course\/?page_id=17"},"modified":"2023-10-01T20:18:34","modified_gmt":"2023-10-01T18:18:34","slug":"les-courses","status":"publish","type":"page","link":"https:\/\/www.la12-14.com\/course\/les-courses\/","title":{"rendered":"Les Courses &#8211; Inscriptions"},"content":{"rendered":"\n<h2 class=\"wp-block-heading has-x-large-font-size\">Semi-Marathon Individuel<\/h2>\n\n\n\n<figure class=\"wp-block-image aligncenter size-large\"><img loading=\"lazy\" decoding=\"async\" width=\"1024\" height=\"456\" src=\"https:\/\/www.la12-14.com\/course\/wp-content\/uploads\/2023\/05\/Bouton-Indiv-2023-1024x456.jpg\" alt=\"\" class=\"wp-image-298\" srcset=\"https:\/\/www.la12-14.com\/course\/wp-content\/uploads\/2023\/05\/Bouton-Indiv-2023-1024x456.jpg 1024w, https:\/\/www.la12-14.com\/course\/wp-content\/uploads\/2023\/05\/Bouton-Indiv-2023-300x134.jpg 300w, https:\/\/www.la12-14.com\/course\/wp-content\/uploads\/2023\/05\/Bouton-Indiv-2023-768x342.jpg 768w, https:\/\/www.la12-14.com\/course\/wp-content\/uploads\/2023\/05\/Bouton-Indiv-2023-1536x684.jpg 1536w, https:\/\/www.la12-14.com\/course\/wp-content\/uploads\/2023\/05\/Bouton-Indiv-2023.jpg 1772w\" sizes=\"auto, (max-width: 1024px) 100vw, 1024px\" \/><figcaption class=\"wp-element-caption\">Semi-Marathon Individuel &#8211; SEMI &amp; RELAIS de LA 12-14 &#8211; 79000 Niort<\/figcaption><\/figure>\n\n\n\n<div class=\"wp-block-buttons is-content-justification-center is-layout-flex wp-container-core-buttons-is-layout-a89b3969 wp-block-buttons-is-layout-flex\">\n<div class=\"wp-block-button has-custom-font-size is-style-outline has-medium-font-size is-style-outline--1\"><a class=\"wp-block-button__link has-contrast-color has-luminous-vivid-amber-background-color has-text-color has-background wp-element-button\" href=\"https:\/\/la-1214-indiv-2024.onsinscrit.com\/accueil.php\" style=\"border-radius:15px\"><strong>Inscription en ligne &#8211; Individuel<\/strong><\/a><\/div>\n<\/div>\n\n\n\n<p>Il s\u2019agit d\u2019un Semi-Marathon sur un circuit \u00e0 parcourir 4 fois (6,100km sur la premi\u00e8re boucle et 5km sur les 3 boucles suivantes).<\/p>\n\n\n\n<p>Le d\u00e9part est donn\u00e9 dans l\u2019enceinte du stade Ren\u00e9 Gaillard (Niort) et le circuit est trac\u00e9 en direction des bords de S\u00e8vre avec passage sur le Village de la course \u00e0 chaque tour.<\/p>\n\n\n\n<div class=\"wp-block-buttons is-content-justification-center is-layout-flex wp-container-core-buttons-is-layout-a89b3969 wp-block-buttons-is-layout-flex\">\n<div class=\"wp-block-button has-custom-font-size is-style-outline has-medium-font-size is-style-outline--2\"><a class=\"wp-block-button__link has-contrast-color has-luminous-vivid-amber-background-color has-text-color has-background has-text-align-center wp-element-button\" href=\"https:\/\/drive.google.com\/file\/d\/15YJHL4BBobIUSOLt1s66Mgu8ZxZvy2Ba\/view?usp=sharing\" style=\"border-radius:15px\"><strong>Bulletin version papier SOLO \u00e0 t\u00e9l\u00e9charger\/imprimer<\/strong><\/a><\/div>\n<\/div>\n\n\n\n<hr class=\"wp-block-separator has-alpha-channel-opacity\"\/>\n\n\n\n<h2 class=\"wp-block-heading has-x-large-font-size\">Semi-Marathon en \u00e9quipe (Relais)<\/h2>\n\n\n\n<figure class=\"wp-block-image size-large\"><img loading=\"lazy\" decoding=\"async\" width=\"1024\" height=\"456\" src=\"https:\/\/www.la12-14.com\/course\/wp-content\/uploads\/2023\/05\/Bouton-RELAIS-2023-1024x456.jpg\" alt=\"\" class=\"wp-image-297\" srcset=\"https:\/\/www.la12-14.com\/course\/wp-content\/uploads\/2023\/05\/Bouton-RELAIS-2023-1024x456.jpg 1024w, https:\/\/www.la12-14.com\/course\/wp-content\/uploads\/2023\/05\/Bouton-RELAIS-2023-300x134.jpg 300w, https:\/\/www.la12-14.com\/course\/wp-content\/uploads\/2023\/05\/Bouton-RELAIS-2023-768x342.jpg 768w, https:\/\/www.la12-14.com\/course\/wp-content\/uploads\/2023\/05\/Bouton-RELAIS-2023-1536x684.jpg 1536w, https:\/\/www.la12-14.com\/course\/wp-content\/uploads\/2023\/05\/Bouton-RELAIS-2023.jpg 1772w\" sizes=\"auto, (max-width: 1024px) 100vw, 1024px\" \/><figcaption class=\"wp-element-caption\">Semi-Marathon en Equipe &#8211; SEMI &amp; RELAIS de LA 12-14 &#8211; 79000 Niort<\/figcaption><\/figure>\n\n\n\n<div class=\"wp-block-buttons is-content-justification-center is-layout-flex wp-container-core-buttons-is-layout-a89b3969 wp-block-buttons-is-layout-flex\">\n<div class=\"wp-block-button has-custom-font-size is-style-outline has-medium-font-size is-style-outline--3\"><a class=\"wp-block-button__link has-contrast-color has-luminous-vivid-amber-background-color has-text-color has-background wp-element-button\" href=\"https:\/\/la-1214-relais-2024.onsinscrit.com\/accueil.php\" style=\"border-radius:15px\"><strong>Inscription en ligne &#8211; En \u00e9quipe<\/strong><\/a><\/div>\n<\/div>\n\n\n\n<p>Il s\u2019agit d\u2019un Semi-Marathon sur un circuit \u00e0 parcourir 4 fois (6,100km sur la premi\u00e8re boucle et 5km sur les 3 boucles suivantes).<\/p>\n\n\n\n<p>Le d\u00e9part est donn\u00e9 dans l\u2019enceinte du stade Ren\u00e9 Gaillard (Niort) et le circuit est trac\u00e9 en direction des bords de S\u00e8vre avec passage sur le Village de la course \u00e0 chaque tour.<\/p>\n\n\n\n<p>Il peut se courir&nbsp;<strong>en relais par \u00e9quipe de 2, 3 ou 4 coureurs<\/strong>&nbsp;avec changement libre pour les relais.<\/p>\n\n\n\n<p>Pour les coureurs souhaitant participer en Relais, une bourse aux coureurs est ouverte dans les semaines qui pr\u00e9c\u00e8dent et jusqu\u2019au jour de la course afin de compl\u00e9ter ou constituer vos \u00e9quipes.<\/p>\n\n\n\n<p>Le passage de relais se r\u00e9alise au choix de l&rsquo;\u00e9quipe sur le stade Ren\u00e9 GAILLARD.<\/p>\n\n\n\n<div class=\"wp-block-buttons is-content-justification-center is-layout-flex wp-container-core-buttons-is-layout-a89b3969 wp-block-buttons-is-layout-flex\">\n<div class=\"wp-block-button has-custom-font-size is-style-outline has-medium-font-size is-style-outline--4\"><a class=\"wp-block-button__link has-contrast-color has-luminous-vivid-amber-background-color has-text-color has-background has-text-align-center wp-element-button\" href=\"https:\/\/drive.google.com\/file\/d\/1dyys-KgwOlQrjfYLVXZzMEE_TkCKVM6_\/view?usp=sharing\" style=\"border-radius:15px\"><strong>Bulletin version papier RELAIS \u00e0 t\u00e9l\u00e9charger\/imprimer<\/strong><\/a><\/div>\n<\/div>\n\n\n\n<figure class=\"wp-block-image size-large\"><img loading=\"lazy\" decoding=\"async\" width=\"1024\" height=\"683\" src=\"https:\/\/www.la12-14.com\/course\/wp-content\/uploads\/2023\/04\/La1214-Niort-REFLEXHAUT-0001_220612_09009-1-1024x683.jpg\" alt=\"\" class=\"wp-image-93\" srcset=\"https:\/\/www.la12-14.com\/course\/wp-content\/uploads\/2023\/04\/La1214-Niort-REFLEXHAUT-0001_220612_09009-1-1024x683.jpg 1024w, https:\/\/www.la12-14.com\/course\/wp-content\/uploads\/2023\/04\/La1214-Niort-REFLEXHAUT-0001_220612_09009-1-300x200.jpg 300w, https:\/\/www.la12-14.com\/course\/wp-content\/uploads\/2023\/04\/La1214-Niort-REFLEXHAUT-0001_220612_09009-1-768x512.jpg 768w, https:\/\/www.la12-14.com\/course\/wp-content\/uploads\/2023\/04\/La1214-Niort-REFLEXHAUT-0001_220612_09009-1.jpg 1200w\" sizes=\"auto, (max-width: 1024px) 100vw, 1024px\" \/><\/figure>\n\n\n\n<hr class=\"wp-block-separator has-alpha-channel-opacity\"\/>\n\n\n\n<h2 class=\"wp-block-heading has-x-large-font-size\">La Piste aux Pitchouns<\/h2>\n\n\n\n<figure class=\"wp-block-image size-large\"><img loading=\"lazy\" decoding=\"async\" width=\"1024\" height=\"456\" src=\"https:\/\/www.la12-14.com\/course\/wp-content\/uploads\/2023\/05\/Bouton-Piste-aux-PITCHOUNS-2023-1024x456.jpg\" alt=\"\" class=\"wp-image-296\" srcset=\"https:\/\/www.la12-14.com\/course\/wp-content\/uploads\/2023\/05\/Bouton-Piste-aux-PITCHOUNS-2023-1024x456.jpg 1024w, https:\/\/www.la12-14.com\/course\/wp-content\/uploads\/2023\/05\/Bouton-Piste-aux-PITCHOUNS-2023-300x134.jpg 300w, https:\/\/www.la12-14.com\/course\/wp-content\/uploads\/2023\/05\/Bouton-Piste-aux-PITCHOUNS-2023-768x342.jpg 768w, https:\/\/www.la12-14.com\/course\/wp-content\/uploads\/2023\/05\/Bouton-Piste-aux-PITCHOUNS-2023-1536x684.jpg 1536w, https:\/\/www.la12-14.com\/course\/wp-content\/uploads\/2023\/05\/Bouton-Piste-aux-PITCHOUNS-2023.jpg 1772w\" sizes=\"auto, (max-width: 1024px) 100vw, 1024px\" \/><figcaption class=\"wp-element-caption\">La Piste aux Pitchouns &#8211; SEMI &amp; RELAIS de LA 12-14 &#8211; 79000 Niort<\/figcaption><\/figure>\n\n\n\n<div class=\"wp-block-buttons is-content-justification-center is-layout-flex wp-container-core-buttons-is-layout-a89b3969 wp-block-buttons-is-layout-flex\">\n<div class=\"wp-block-button has-custom-font-size is-style-outline has-medium-font-size is-style-outline--5\"><a class=\"wp-block-button__link has-contrast-color has-luminous-vivid-amber-background-color has-text-color has-background wp-element-button\" href=\"https:\/\/la-1214-pitchouns-2024.onsinscrit.com\/accueil.php\" style=\"border-radius:15px\"><strong>Inscription en ligne &#8211; Les Pitchouns<\/strong><\/a><\/div>\n<\/div>\n\n\n\n<p>3 ans, 6 ans, 10 ans&#8230; \u00e0 tout \u00e2ge, nos enfants ont cette envie de fouler&nbsp;la piste du Stade Ren\u00e9 GAILLARD pour vivre un moment de plaisir devant leurs parents !<\/p>\n\n\n\n<p>Apr\u00e8s avoir eu la joie de d\u00e9filer tous ensemble sous les yeux \u00e9toil\u00e9s de leurs plus grands supporters et de poser pour la photo souvenir de l&rsquo;\u00e9dition de LA 12-14, tous les PITCHOUNS auront le plaisir de courir, des plus petits aux plus grands, sur la piste principale du stade Ren\u00e9 Gaillard.<\/p>\n\n\n\n<p>Cette course est&nbsp;<strong>gratuite<\/strong>&nbsp;et richement dot\u00e9e gr\u00e2ce \u00e0 la g\u00e9n\u00e9rosit\u00e9 de nos partenaires.<\/p>\n\n\n\n<p>Une photo, un go\u00fbter et de nombreux cadeaux sont remis \u00e0 chaque enfants.<\/p>\n\n\n\n<figure class=\"wp-block-image size-large\"><img loading=\"lazy\" decoding=\"async\" width=\"1024\" height=\"683\" src=\"https:\/\/www.la12-14.com\/course\/wp-content\/uploads\/2023\/04\/La12-14-PistreAuxPitchouns-2022-1024x683.jpg\" alt=\"\" class=\"wp-image-78\" srcset=\"https:\/\/www.la12-14.com\/course\/wp-content\/uploads\/2023\/04\/La12-14-PistreAuxPitchouns-2022-1024x683.jpg 1024w, https:\/\/www.la12-14.com\/course\/wp-content\/uploads\/2023\/04\/La12-14-PistreAuxPitchouns-2022-300x200.jpg 300w, https:\/\/www.la12-14.com\/course\/wp-content\/uploads\/2023\/04\/La12-14-PistreAuxPitchouns-2022-768x512.jpg 768w, https:\/\/www.la12-14.com\/course\/wp-content\/uploads\/2023\/04\/La12-14-PistreAuxPitchouns-2022-1536x1024.jpg 1536w, https:\/\/www.la12-14.com\/course\/wp-content\/uploads\/2023\/04\/La12-14-PistreAuxPitchouns-2022.jpg 1620w\" sizes=\"auto, (max-width: 1024px) 100vw, 1024px\" \/><figcaption class=\"wp-element-caption\">Photographie Sportive &#8211; La 12-14 Niort 2022 Photographie en hauteur, les pitchouns 14\u00e8me \u00e9dition de La 12-14 Niort &#8211; Photographie : Olivier Germain &#8211; REFLEXHAUT<\/figcaption><\/figure>\n\n\n\n<p>Pas de classement, pas de comp\u00e9tition juste un moment de partage autour de la course \u00e0 pied et du sport&#8230;<\/p>\n\n\n\n<div class=\"wp-block-buttons is-content-justification-center is-layout-flex wp-container-core-buttons-is-layout-a89b3969 wp-block-buttons-is-layout-flex\">\n<div class=\"wp-block-button has-custom-font-size is-style-outline has-medium-font-size is-style-outline--6\"><a class=\"wp-block-button__link has-contrast-color has-luminous-vivid-amber-background-color has-text-color has-background has-text-align-center wp-element-button\" href=\"https:\/\/drive.google.com\/file\/d\/1Mo46KXDVSY6rHv0272VxNbX5-AJWfWHN\/view?usp=sharing\" style=\"border-radius:15px\"><strong>Bulletin version papier PITCHOUN \u00e0 t\u00e9l\u00e9charger\/imprimer<\/strong><\/a><\/div>\n<\/div>\n\n\n\n<hr class=\"wp-block-separator has-alpha-channel-opacity\"\/>\n\n\n\n<p>On a h\u00e2te de tous vous retrouver encore pour cette nouvelle \u00e9dition.<\/p>\n\n\n\n<div class=\"wp-block-buttons is-content-justification-center is-layout-flex wp-container-core-buttons-is-layout-a89b3969 wp-block-buttons-is-layout-flex\">\n<div class=\"wp-block-button has-custom-font-size is-style-outline has-medium-font-size is-style-outline--7\"><a class=\"wp-block-button__link has-contrast-color has-luminous-vivid-amber-background-color has-text-color has-background has-text-align-center wp-element-button\" href=\"https:\/\/drive.google.com\/file\/d\/18BPsP40lpk1bFSmaOYYVgoP1FoN-j8Ck\/view?usp=sharing\" style=\"border-radius:15px\"><strong>Bulletin papier COMPLET \u00e0 t\u00e9l\u00e9charger\/imprimer<\/strong><\/a><\/div>\n<\/div>\n","protected":false},"excerpt":{"rendered":"<p>Semi-Marathon Individuel Il s\u2019agit d\u2019un Semi-Marathon sur un circuit \u00e0 parcourir 4 fois (6,100km sur la premi\u00e8re boucle et 5km sur les 3 boucles suivantes). Le d\u00e9part est donn\u00e9 dans l\u2019enceinte du stade Ren\u00e9 Gaillard (Niort) et le circuit est trac\u00e9 en direction des bords de S\u00e8vre avec passage sur le Village de la course [&hellip;]<\/p>\n","protected":false},"author":1,"featured_media":0,"parent":0,"menu_order":0,"comment_status":"closed","ping_status":"closed","template":"","meta":{"footnotes":""},"class_list":["post-17","page","type-page","status-publish","hentry"],"_links":{"self":[{"href":"https:\/\/www.la12-14.com\/course\/wp-json\/wp\/v2\/pages\/17","targetHints":{"allow":["GET"]}}],"collection":[{"href":"https:\/\/www.la12-14.com\/course\/wp-json\/wp\/v2\/pages"}],"about":[{"href":"https:\/\/www.la12-14.com\/course\/wp-json\/wp\/v2\/types\/page"}],"author":[{"embeddable":true,"href":"https:\/\/www.la12-14.com\/course\/wp-json\/wp\/v2\/users\/1"}],"replies":[{"embeddable":true,"href":"https:\/\/www.la12-14.com\/course\/wp-json\/wp\/v2\/comments?post=17"}],"version-history":[{"count":12,"href":"https:\/\/www.la12-14.com\/course\/wp-json\/wp\/v2\/pages\/17\/revisions"}],"predecessor-version":[{"id":401,"href":"https:\/\/www.la12-14.com\/course\/wp-json\/wp\/v2\/pages\/17\/revisions\/401"}],"wp:attachment":[{"href":"https:\/\/www.la12-14.com\/course\/wp-json\/wp\/v2\/media?parent=17"}],"curies":[{"name":"wp","href":"https:\/\/api.w.org\/{rel}","templated":true}]}}